{"id":106,"date":"2023-11-07T13:09:28","date_gmt":"2023-11-07T12:09:28","guid":{"rendered":"https:\/\/www.bygge.trapart.net\/?post_type=product&#038;p=106"},"modified":"2023-11-27T12:57:39","modified_gmt":"2023-11-27T11:57:39","slug":"abrahamsson-carl-dagfjarilar-hardback","status":"publish","type":"product","link":"https:\/\/www.bygge.trapart.net\/?product=abrahamsson-carl-dagfjarilar-hardback","title":{"rendered":"Abrahamsson, Carl: Dagfj\u00e4rilar (hardback)"},"content":{"rendered":"<p>Tankar formulerade av f\u00f6rfattaren Carl Abrahamsson under det f\u00f6rsta pandemi\u00e5ret, 2020-2021. Sj\u00e4lva reflekterandet och formulerandet ledde till ett faktiskt f\u00f6rflyttande fr\u00e5n storstad till sm\u00e5stad, fr\u00e5n tidsbesatthet till tidl\u00f6shet, fr\u00e5n grumlighet till klarhet. Sm\u00e5 pens\u00e9er med magisk kraft att f\u00f6r\u00e4ndra en livssituation till det b\u00e4ttre n\u00e4r de tr\u00e4ffas i det dolda bakom p\u00e4rmarna i en och samma bok. \u00c4ven det till synes flyktiga l\u00e4mnar sp\u00e5r efter sig \u2013 en liten tanke r\u00e4cker gott och v\u00e4l f\u00f6r att skapa stor f\u00f6r\u00e4ndring, likt en fj\u00e4rils vingslag i evigheten och det o\u00e4ndliga.<\/p><p>\u201dOvissheten om huruvida n\u00e5gon l\u00e4ser eller inte l\u00e4ser dessa mina pens\u00e9er \u00e4r mig lika futil som vissheten om att jag verkligen inte \u00e4r intresserad av andras. Ska man m\u00f6tas halvv\u00e4gs n\u00e4r man egentligen redan \u00e4r framme, eller stanna kvar i b\u00f6rjan till dess andra hastat iv\u00e4g och f\u00f6rbi? Futil \u00e4r mig \u00e4ven vissheten om denna ovisshet.\u201d<\/p><p>Please note: This book is in Swedish. 70 pages, 6 x 9&#8243;. Available as paperback, hardback and e-book.<\/p>","protected":false},"excerpt":{"rendered":"<p>Tankar formulerade av f\u00f6rfattaren Carl Abrahamsson under det f\u00f6rsta pandemi\u00e5ret, 2020-2021.<\/p>\n","protected":false},"featured_media":105,"comment_status":"closed","ping_status":"closed","template":"","meta":[],"product_cat":[20],"product_tag":[22],"class_list":{"0":"post-106","1":"product","2":"type-product","3":"status-publish","4":"has-post-thumbnail","6":"product_cat-occulture","7":"product_tag-carl-abrahamsson","8":"product_shipping_class-books","10":"first","11":"instock","12":"purchasable","13":"product-type-simple"},"jetpack_sharing_enabled":true,"_links":{"self":[{"href":"https:\/\/www.bygge.trapart.net\/index.php?rest_route=\/wp\/v2\/product\/106","targetHints":{"allow":["GET"]}}],"collection":[{"href":"https:\/\/www.bygge.trapart.net\/index.php?rest_route=\/wp\/v2\/product"}],"about":[{"href":"https:\/\/www.bygge.trapart.net\/index.php?rest_route=\/wp\/v2\/types\/product"}],"replies":[{"embeddable":true,"href":"https:\/\/www.bygge.trapart.net\/index.php?rest_route=%2Fwp%2Fv2%2Fcomments&post=106"}],"wp:featuredmedia":[{"embeddable":true,"href":"https:\/\/www.bygge.trapart.net\/index.php?rest_route=\/wp\/v2\/media\/105"}],"wp:attachment":[{"href":"https:\/\/www.bygge.trapart.net\/index.php?rest_route=%2Fwp%2Fv2%2Fmedia&parent=106"}],"wp:term":[{"taxonomy":"product_cat","embeddable":true,"href":"https:\/\/www.bygge.trapart.net\/index.php?rest_route=%2Fwp%2Fv2%2Fproduct_cat&post=106"},{"taxonomy":"product_tag","embeddable":true,"href":"https:\/\/www.bygge.trapart.net\/index.php?rest_route=%2Fwp%2Fv2%2Fproduct_tag&post=106"}],"curies":[{"name":"wp","href":"https:\/\/api.w.org\/{rel}","templated":true}]}}